{"id":23844,"date":"2026-04-21T11:26:50","date_gmt":"2026-04-21T09:26:50","guid":{"rendered":"https:\/\/www.touletvanbael.be\/conditions-generales\/"},"modified":"2026-04-21T11:32:24","modified_gmt":"2026-04-21T09:32:24","slug":"conditions-generales","status":"publish","type":"page","link":"https:\/\/www.touletvanbael.be\/fr\/conditions-generales\/","title":{"rendered":"conditions g\u00e9n\u00e9rales"},"content":{"rendered":"<!--\n    Title: Spacer\n    Blueprint: false\n-->\n\n<div class=\"gc-spacer\" style=\"--desktop-height: 100px; --mobile-height: 80px;\"><\/div>\n\n\n<!--\n    Title: Container\n    Mode: preview\n    SupportsJSX: true\n    Blueprint: false\n-->\n\n\n<div class=\"gc-container\">\n    <div class=\"acf-innerblocks-container\">\n\n<h1 class=\"wp-block-heading\">Conditions g\u00e9n\u00e9rales<\/h1>\n\n\n\n<h2 class=\"wp-block-heading\">1. Citations<\/h2>\n\n\n\n<p class=\"wp-block-paragraph\">Les devis sont disponibles sur demande \u00e9crite par courriel.<br> Nos devis sont sans engagement et n&#8217;engagent en aucun cas notre soci\u00e9t\u00e9.<br> Sauf indication contraire, la validit\u00e9 est limit\u00e9e \u00e0 1 mois \u00e0 compter de la date d&#8217;exp\u00e9dition.<\/p>\n\n\n\n<h2 class=\"wp-block-heading\">2. Commandes<\/h2>\n\n\n\n<p class=\"wp-block-paragraph\">Les commandes ne seront enregistr\u00e9es et ex\u00e9cut\u00e9es qu&#8217;apr\u00e8s r\u00e9ception des informations de livraison et de facturation ainsi que de l&#8217;acompte.<br> Les commandes ne seront exp\u00e9di\u00e9es qu&#8217;apr\u00e8s r\u00e9ception de votre paiement.<br> En cas de livraison incorrecte ou d&#8217;erreur, quelle qu&#8217;en soit la nature, notre responsabilit\u00e9 se limite \u00e0 la r\u00e9ex\u00e9cution des travaux. L&#8217;acheteur renonce \u00e0 toute indemnisation suppl\u00e9mentaire.<br> Nous nous r\u00e9servons le droit d&#8217;apposer notre marque, en tant que marque de commerce ou raison sociale, sur tous les articles que nous fournissons. <\/p>\n\n\n\n<h2 class=\"wp-block-heading\">3. Logo<\/h2>\n\n\n\n<p class=\"wp-block-paragraph\">Pour les produits sur lesquels nous devons graver des logos et du texte, une maquette vous sera envoy\u00e9e pour approbation, si cela a \u00e9t\u00e9 demand\u00e9. Apr\u00e8s la premi\u00e8re maquette, des modifications peuvent \u00eatre apport\u00e9es gratuitement \u00e0 votre demande. Toute modification ult\u00e9rieure (apr\u00e8s la deuxi\u00e8me maquette) sera factur\u00e9e. Un forfait de 15,00&nbsp;\u20ac HT sera appliqu\u00e9 pour chaque maquette suppl\u00e9mentaire.<br> Les cr\u00e9ations de nos concepteurs ne peuvent en aucun cas \u00eatre reproduites ni c\u00e9d\u00e9es \u00e0 des tiers.<br> Nous d\u00e9clinons toute responsabilit\u00e9 en cas de poursuites civiles pour contrefa\u00e7on ou violation de droits d&#8217;auteur. Le client est r\u00e9put\u00e9 avoir acquis les droits aupr\u00e8s du propri\u00e9taire du logo ou du titulaire des droits d&#8217;auteur.    <\/p>\n\n\n\n<h2 class=\"wp-block-heading\">4. Livraisons<\/h2>\n\n\n\n<p class=\"wp-block-paragraph\">Les marchandises sont exp\u00e9di\u00e9es aux risques et p\u00e9rils du destinataire.<br> Les frais de livraison varient selon le pays de destination. Le d\u00e9lai de livraison, quant \u00e0 lui, est variable selon le produit et peut aller de 2 \u00e0 14 jours ouvrables.<br> Ces d\u00e9lais de livraison sont donn\u00e9s \u00e0 titre indicatif et un retard de livraison ne saurait en aucun cas donner lieu \u00e0 l&#8217;annulation de la commande ni \u00e0 une quelconque indemnisation de la part de l&#8217;acheteur. <\/p>\n\n\n\n<h2 class=\"wp-block-heading\">5. Paiements<\/h2>\n\n\n\n<p class=\"wp-block-paragraph\">Toutes les factures doivent \u00eatre r\u00e9gl\u00e9es d&#8217;avance. Les marchandises ne seront exp\u00e9di\u00e9es qu&#8217;apr\u00e8s r\u00e9ception du paiement. <\/p>\n\n\n\n<h2 class=\"wp-block-heading\">6. Droit de r\u00e9tractation<\/h2>\n\n\n\n<p class=\"wp-block-paragraph\">Le consommateur a le droit d&#8217;informer la soci\u00e9t\u00e9 de sa d\u00e9cision de se r\u00e9tracter, sans p\u00e9nalit\u00e9 et sans donner de motif, dans un d\u00e9lai de 14 jours calendaires \u00e0 compter du lendemain de la livraison des biens ou de la conclusion du contrat de service.<br> Toutefois, le droit de r\u00e9tractation est exclu si le produit et son emballage ne sont plus dans leur \u00e9tat d&#8217;origine, complets, intacts et non utilis\u00e9s. De plus, le consommateur ne peut exercer son droit de r\u00e9tractation pour les contrats portant sur la fourniture de produits confectionn\u00e9s selon ses sp\u00e9cifications ou personnalis\u00e9s ou modifi\u00e9s de quelque mani\u00e8re que ce soit \u00e0 sa demande. S&#8217;il exerce son droit de r\u00e9tractation, l&#8217;acheteur est tenu de retourner le produit re\u00e7u au vendeur dans un d\u00e9lai de quatorze (14) jours ouvrables suivant la livraison, par le m\u00eame mode de livraison que celui utilis\u00e9 pour l&#8217;exp\u00e9dition initiale, dans l&#8217;\u00e9tat o\u00f9 il l&#8217;a re\u00e7u, en indiquant son num\u00e9ro de compte bancaire. Le vendeur effectuera le remboursement du montant pay\u00e9 par l&#8217;acheteur dans un d\u00e9lai de dix (10) jours suivant la r\u00e9ception du colis retourn\u00e9. Tous les documents d&#8217;accompagnement, certificats de garantie et emballages doivent \u00eatre joints au colis de retour. Les frais et les risques li\u00e9s au retour sont \u00e0 la charge de l&#8217;acheteur. Si le produit n&#8217;est pas retourn\u00e9 conform\u00e9ment aux conditions du droit de r\u00e9tractation, le montant de l&#8217;achat ne sera pas rembours\u00e9.     <\/p>\n\n\n\n<h2 class=\"wp-block-heading\">7. R\u00e9clamations<\/h2>\n\n\n\n<p class=\"wp-block-paragraph\">Les r\u00e9clamations doivent \u00eatre signal\u00e9es par \u00e9crit dans les 8 jours suivant la r\u00e9ception de la livraison.<\/p>\n\n\n\n<h2 class=\"wp-block-heading\">8. Droit applicable<\/h2>\n\n\n\n<p class=\"wp-block-paragraph\">Le droit belge est applicable entre les parties.<\/p>\n\n\n\n<h2 class=\"wp-block-heading\">9. Litiges<\/h2>\n\n\n\n<p class=\"wp-block-paragraph\">Soit le tribunal de justice de paix du canton d&#8217;Anderlecht, soit les tribunaux du district de Bruxelles auront comp\u00e9tence exclusive pour conna\u00eetre de tous les litiges entre les parties.<\/p>\n\n\n\n<h2 class=\"wp-block-heading\">10. D\u00e9fauts cach\u00e9s<\/h2>\n\n\n\n<p class=\"wp-block-paragraph\">Le vendeur n&#8217;est pas tenu d&#8217;indemniser l&#8217;acheteur contre les vices cach\u00e9s.<\/p>\n\n\n\n<h2 class=\"wp-block-heading\">11. Gravures<\/h2>\n\n\n\n<p class=\"wp-block-paragraph\">Un prix personnalis\u00e9 est propos\u00e9 pour les gravures.<\/p>\n\n<\/div>\n<\/div>\n\n\n<!--\n    Title: Spacer\n    Blueprint: false\n-->\n\n<div class=\"gc-spacer\" style=\"--desktop-height: 100px; --mobile-height: 80px;\"><\/div>\n","protected":false},"excerpt":{"rendered":"","protected":false},"author":1,"featured_media":0,"parent":0,"menu_order":0,"comment_status":"closed","ping_status":"closed","template":"","meta":{"_acf_changed":false,"footnotes":""},"class_list":["post-23844","page","type-page","status-publish","hentry"],"acf":[],"_links":{"self":[{"href":"https:\/\/www.touletvanbael.be\/fr\/wp-json\/wp\/v2\/pages\/23844","targetHints":{"allow":["GET"]}}],"collection":[{"href":"https:\/\/www.touletvanbael.be\/fr\/wp-json\/wp\/v2\/pages"}],"about":[{"href":"https:\/\/www.touletvanbael.be\/fr\/wp-json\/wp\/v2\/types\/page"}],"author":[{"embeddable":true,"href":"https:\/\/www.touletvanbael.be\/fr\/wp-json\/wp\/v2\/users\/1"}],"replies":[{"embeddable":true,"href":"https:\/\/www.touletvanbael.be\/fr\/wp-json\/wp\/v2\/comments?post=23844"}],"version-history":[{"count":2,"href":"https:\/\/www.touletvanbael.be\/fr\/wp-json\/wp\/v2\/pages\/23844\/revisions"}],"predecessor-version":[{"id":23848,"href":"https:\/\/www.touletvanbael.be\/fr\/wp-json\/wp\/v2\/pages\/23844\/revisions\/23848"}],"wp:attachment":[{"href":"https:\/\/www.touletvanbael.be\/fr\/wp-json\/wp\/v2\/media?parent=23844"}],"curies":[{"name":"wp","href":"https:\/\/api.w.org\/{rel}","templated":true}]}}